{"version":"1.0","provider_name":"Dra\u0161kovi\u010dov ka\u0161tie\u013e","provider_url":"https:\/\/draskovicovkastiel.sk\/en","author_name":"admin","author_url":"https:\/\/draskovicovkastiel.sk\/en\/author\/admin-2\/","title":"Pokra\u010duje obnova Dra\u0161kovi\u010dovho ka\u0161tie\u013ea - Dra\u0161kovi\u010dov ka\u0161tie\u013e","type":"rich","width":600,"height":338,"html":"<blockquote class=\"wp-embedded-content\" data-secret=\"WzkjLwmfzV\"><a href=\"https:\/\/draskovicovkastiel.sk\/en\/pokracuje-obnova-draskovicovho-kastiela\/\">Restoration of Dra\u0161kovi\u010d Manor continues<\/a><\/blockquote><iframe sandbox=\"allow-scripts\" security=\"restricted\" src=\"https:\/\/draskovicovkastiel.sk\/en\/pokracuje-obnova-draskovicovho-kastiela\/embed\/#?secret=WzkjLwmfzV\" width=\"600\" height=\"338\" title=\"&#8220;Pokra\u010duje obnova Dra\u0161kovi\u010dovho ka\u0161tie\u013ea&#8221; &#8212; Dra\u0161kovi\u010dov ka\u0161tie\u013e\" data-secret=\"WzkjLwmfzV\" frameborder=\"0\" marginwidth=\"0\" marginheight=\"0\" scrolling=\"no\" class=\"wp-embedded-content\"><\/iframe><script>\n\/*! This file is auto-generated *\/\n!function(d,l){\"use strict\";l.querySelector&&d.addEventListener&&\"undefined\"!=typeof URL&&(d.wp=d.wp||{},d.wp.receiveEmbedMessage||(d.wp.receiveEmbedMessage=function(e){var t=e.data;if((t||t.secret||t.message||t.value)&&!\/[^a-zA-Z0-9]\/.test(t.secret)){for(var s,r,n,a=l.querySelectorAll('iframe[data-secret=\"'+t.secret+'\"]'),o=l.querySelectorAll('blockquote[data-secret=\"'+t.secret+'\"]'),c=new RegExp(\"^https?:$\",\"i\"),i=0;i<o.length;i++)o[i].style.display=\"none\";for(i=0;i<a.length;i++)s=a[i],e.source===s.contentWindow&&(s.removeAttribute(\"style\"),\"height\"===t.message?(1e3<(r=parseInt(t.value,10))?r=1e3:~~r<200&&(r=200),s.height=r):\"link\"===t.message&&(r=new URL(s.getAttribute(\"src\")),n=new URL(t.value),c.test(n.protocol))&&n.host===r.host&&l.activeElement===s&&(d.top.location.href=t.value))}},d.addEventListener(\"message\",d.wp.receiveEmbedMessage,!1),l.addEventListener(\"DOMContentLoaded\",function(){for(var e,t,s=l.querySelectorAll(\"iframe.wp-embedded-content\"),r=0;r<s.length;r++)(t=(e=s[r]).getAttribute(\"data-secret\"))||(t=Math.random().toString(36).substring(2,12),e.src+=\"#?secret=\"+t,e.setAttribute(\"data-secret\",t)),e.contentWindow.postMessage({message:\"ready\",secret:t},\"*\")},!1)))}(window,document);\n\/\/# sourceURL=https:\/\/draskovicovkastiel.sk\/wp-includes\/js\/wp-embed.min.js\n<\/script>","thumbnail_url":"https:\/\/draskovicovkastiel.sk\/wp-content\/uploads\/2023\/01\/20221215_161w.jpg","thumbnail_width":1024,"thumbnail_height":681,"description":"Pokra\u010duje obnova Dra\u0161kovi\u010dovho ka\u0161tie\u013ea Komplexn\u00fa pamiatkov\u00fa obnovu Dra\u0161kovi\u010dovho ka\u0161tie\u013ea v \u010cachticiach financuje Tren\u010dianska \u017eupa z\u00a0vlastn\u00e9ho rozpo\u010dtu a\u00a0zo zdrojov Finan\u010dn\u00e9ho mechanizmu Eur\u00f3pskeho hospod\u00e1rskeho priestoru (EHP). Po rekon\u0161trukcii bude ka\u0161tie\u013e sl\u00fa\u017ei\u0165 nielen na prezent\u00e1ciu hist\u00f3rie, pon\u00faka\u0165 bude aj slu\u017eby 21. storo\u010dia. V\u00a0roku 1963 bol Dra\u0161kovi\u010dov ka\u0161tie\u013e vyhl\u00e1sen\u00fd za kult\u00farnu pamiatku. Jeho priestory boli vyu\u017e\u00edvan\u00e9 najm\u00e4 na muze\u00e1lnu [&hellip;]"}